{"id":5950,"date":"2020-05-19T10:37:52","date_gmt":"2020-05-19T08:37:52","guid":{"rendered":"https:\/\/ayuda.avirato.com\/?post_type=docs&#038;p=5950"},"modified":"2023-10-09T09:25:45","modified_gmt":"2023-10-09T07:25:45","slug":"configuration-initiale-avirato","status":"publish","type":"docs","link":"https:\/\/ayuda.avirato.com\/fr\/docs\/manuel-utilisateur\/guides\/configuration-initiale-avirato\/","title":{"rendered":"Configuration initiale d&#8217;Avirato"},"content":{"rendered":"\t\t<div data-elementor-type=\"wp-post\" data-elementor-id=\"5950\" class=\"elementor elementor-5950\" data-elementor-post-type=\"docs\">\n\t\t\t\t\t\t<section class=\"elementor-section elementor-top-section elementor-element elementor-element-1e5a5ff8 elementor-section-full_width elementor-section-height-default elementor-section-height-default\" data-id=\"1e5a5ff8\" data-element_type=\"section\" data-e-type=\"section\">\n\t\t\t\t\t\t<div class=\"elementor-container elementor-column-gap-default\">\n\t\t\t\t\t<div class=\"elementor-column elementor-col-100 elementor-top-column elementor-element elementor-element-65db7f85\" data-id=\"65db7f85\" data-element_type=\"column\" data-e-type=\"column\">\n\t\t\t<div class=\"elementor-widget-wrap elementor-element-populated\">\n\t\t\t\t\t\t<div class=\"elementor-element elementor-element-15db1093 elementor-widget elementor-widget-heading\" data-id=\"15db1093\" data-element_type=\"widget\" data-e-type=\"widget\" data-widget_type=\"heading.default\">\n\t\t\t\t<div class=\"elementor-widget-container\">\n\t\t\t\t\t<h2 class=\"elementor-heading-title elementor-size-default\"><span style=\"font-size: 24px\">Configuration initiale d'Avirato<\/span><\/h2>\t\t\t\t<\/div>\n\t\t\t\t<\/div>\n\t\t\t\t<div class=\"elementor-element elementor-element-7ef1545c elementor-widget elementor-widget-text-editor\" data-id=\"7ef1545c\" data-element_type=\"widget\" data-e-type=\"widget\" data-widget_type=\"text-editor.default\">\n\t\t\t\t<div class=\"elementor-widget-container\">\n\t\t\t\t\t\t\t\t\t<p>Tout d&#8217;abord, nous vous remercions d&#8217;avoir choisi Avirato comme programme de gestion.<\/p><p>Apr\u00e8s avoir cr\u00e9\u00e9 votre compte Avirato, nous vous donnerons un aper\u00e7u du programme pour la configuration initiale. De l&#8217;aper\u00e7u du planning \u00e0 la configuration rapide de votre \u00e9tablissement.<\/p>\t\t\t\t\t\t\t\t<\/div>\n\t\t\t\t<\/div>\n\t\t\t\t<div class=\"elementor-element elementor-element-79b5784 elementor-widget elementor-widget-heading\" data-id=\"79b5784\" data-element_type=\"widget\" data-e-type=\"widget\" data-widget_type=\"heading.default\">\n\t\t\t\t<div class=\"elementor-widget-container\">\n\t\t\t\t\t<h2 class=\"elementor-heading-title elementor-size-default\">Indice<\/h2>\t\t\t\t<\/div>\n\t\t\t\t<\/div>\n\t\t\t\t<div class=\"elementor-element elementor-element-a01735c elementor-widget elementor-widget-text-editor\" data-id=\"a01735c\" data-element_type=\"widget\" data-e-type=\"widget\" data-widget_type=\"text-editor.default\">\n\t\t\t\t<div class=\"elementor-widget-container\">\n\t\t\t\t\t\t\t\t\t<ol><li><a href=\"#1primerospasos\">Premiers pas.<\/a>.<\/li><li><a href=\"#2configuraciondelestablecimiento\">Configuration de l&#8217;\u00e9tablissement<\/a>.<ol><li><a href=\"#creaciondecategorias\">Cr\u00e9ation des cat\u00e9gories<\/a>.<\/li><li><a href=\"#creaciondehabitaciones\">Cr\u00e9ation des chambres<\/a>.<\/li><\/ol><\/li><li><a href=\"#tarifasytemporadas\">Tarifs et saisons<\/a>.<ol><li><a href=\"#creaciondetemporadas\">Cr\u00e9ation des saisons<\/a>.<\/li><li><a href=\"#creaciondetarifas\">Cr\u00e9ation des tarifs<\/a>.<\/li><\/ol><\/li><li><a href=\"#restricciones\">Restrictions<\/a>.<ol><li><a href=\"#estanciasminimas\">Calendrier des s\u00e9jours minimums.<\/a>.<\/li><li><a href=\"#bloqueohabitaciones\">Indisponibilit\u00e9s chambres<\/a>.<\/li><li><a href=\"#bloqueorack\">Restrictions des ventes en ligne par rack<\/a>.<\/li><\/ol><\/li><\/ol>\t\t\t\t\t\t\t\t<\/div>\n\t\t\t\t<\/div>\n\t\t\t\t<div class=\"elementor-element elementor-element-6b747ec7 elementor-widget elementor-widget-heading\" data-id=\"6b747ec7\" data-element_type=\"widget\" data-e-type=\"widget\" id=\"1primerospasos\" data-widget_type=\"heading.default\">\n\t\t\t\t<div class=\"elementor-widget-container\">\n\t\t\t\t\t<h2 class=\"elementor-heading-title elementor-size-default\">1. Premiers pas.<\/h2>\t\t\t\t<\/div>\n\t\t\t\t<\/div>\n\t\t\t\t<div class=\"elementor-element elementor-element-481d973b elementor-widget elementor-widget-text-editor\" data-id=\"481d973b\" data-element_type=\"widget\" data-e-type=\"widget\" data-widget_type=\"text-editor.default\">\n\t\t\t\t<div class=\"elementor-widget-container\">\n\t\t\t\t\t\t\t\t\t<p>Al iniciar sesi\u00f3n en Avirato, por defecto siempre va a visualizar el planning de sus habitaciones\/casas\/apartamentos.<\/p><p>Este mismo se crea en funci\u00f3n de las unidades alojativas solicitadas y todas las habitaciones siempre con la misma categor\u00eda de habitaci\u00f3n \u00ab<em>Doble<\/em>\u00ab.<\/p>\t\t\t\t\t\t\t\t<\/div>\n\t\t\t\t<\/div>\n\t\t\t\t<div class=\"elementor-element elementor-element-b15e46a elementor-widget elementor-widget-text-editor\" data-id=\"b15e46a\" data-element_type=\"widget\" data-e-type=\"widget\" data-widget_type=\"text-editor.default\">\n\t\t\t\t<div class=\"elementor-widget-container\">\n\t\t\t\t\t\t\t\t\t<p>Una vez est\u00e9 en la pantalla inicial de Avirato, acuda al icono superior arriba a la derecha donde aparece \u00abMen\u00fa\u00bb, y pulsando en \u00abConfiguraci\u00f3n\u00bb aparecer\u00e1 el men\u00fa para empezar a configurar su establecimiento.<\/p>\t\t\t\t\t\t\t\t<\/div>\n\t\t\t\t<\/div>\n\t\t\t\t<div class=\"elementor-element elementor-element-75a9619 elementor-widget elementor-widget-heading\" data-id=\"75a9619\" data-element_type=\"widget\" data-e-type=\"widget\" id=\"2configuraciondelestablecimiento\" data-widget_type=\"heading.default\">\n\t\t\t\t<div class=\"elementor-widget-container\">\n\t\t\t\t\t<h2 class=\"elementor-heading-title elementor-size-default\">2. Configuration de l'\u00e9tablissement<\/h2>\t\t\t\t<\/div>\n\t\t\t\t<\/div>\n\t\t\t\t<div class=\"elementor-element elementor-element-6fd4adf elementor-widget elementor-widget-text-editor\" data-id=\"6fd4adf\" data-element_type=\"widget\" data-e-type=\"widget\" data-widget_type=\"text-editor.default\">\n\t\t\t\t<div class=\"elementor-widget-container\">\n\t\t\t\t\t\t\t\t\t<p>En este paso empezar\u00e1 a dar forma a su establecimiento, creando distintas categor\u00edas (habitaci\u00f3n doble, habitaci\u00f3n triple, junior suite&#8230;.) y por otro lado, a esas categor\u00edas les dar\u00e1 un stock disponible con la creaci\u00f3n de habitaciones, que posteriormente se visualizar\u00e1n en el planning.<\/p>\t\t\t\t\t\t\t\t<\/div>\n\t\t\t\t<\/div>\n\t\t\t\t<div class=\"elementor-element elementor-element-5b3e825e elementor-widget elementor-widget-heading\" data-id=\"5b3e825e\" data-element_type=\"widget\" data-e-type=\"widget\" id=\"creaciondecategorias\" data-widget_type=\"heading.default\">\n\t\t\t\t<div class=\"elementor-widget-container\">\n\t\t\t\t\t<h2 class=\"elementor-heading-title elementor-size-default\">- Cr\u00e9ation des cat\u00e9gories<\/h2>\t\t\t\t<\/div>\n\t\t\t\t<\/div>\n\t\t\t\t<div class=\"elementor-element elementor-element-32d5264 elementor-widget elementor-widget-text-editor\" data-id=\"32d5264\" data-element_type=\"widget\" data-e-type=\"widget\" data-widget_type=\"text-editor.default\">\n\t\t\t\t<div class=\"elementor-widget-container\">\n\t\t\t\t\t\t\t\t\t<p>Vaya a Men\u00fa -&gt; Configuraci\u00f3n -&gt; Alojamiento -&gt; Habitaciones y salas -&gt; Categor\u00edas Alojamiento<\/p>\t\t\t\t\t\t\t\t<\/div>\n\t\t\t\t<\/div>\n\t\t\t\t<div class=\"elementor-element elementor-element-319f471d elementor-widget elementor-widget-text-editor\" data-id=\"319f471d\" data-element_type=\"widget\" data-e-type=\"widget\" data-widget_type=\"text-editor.default\">\n\t\t\t\t<div class=\"elementor-widget-container\">\n\t\t\t\t\t\t\t\t\t<p>Si entra por primera vez en esta pesta\u00f1a visualizar\u00e1 que el propio programa ha generado una categor\u00eda por defecto llamada \u00abDoble\u00bb. Puede modificar las categor\u00edas ya existentes y\/o a\u00f1adir cuantas sean necesarias pulsando en el icono <span id=\"mas\" style=\"color: #00ff00\"><b>+<\/b><\/span>\u00a0.<\/p>\t\t\t\t\t\t\t\t<\/div>\n\t\t\t\t<\/div>\n\t\t\t\t<div class=\"elementor-element elementor-element-c4f537f elementor-widget elementor-widget-text-editor\" data-id=\"c4f537f\" data-element_type=\"widget\" data-e-type=\"widget\" data-widget_type=\"text-editor.default\">\n\t\t\t\t<div class=\"elementor-widget-container\">\n\t\t\t\t\t\t\t\t\t<p>Una vez tenga creadas las categor\u00edas de su establecimiento, deber\u00e1 configurar las capacidades de cada categor\u00eda.<\/p><p>Cada tipo de categor\u00eda se delimita seg\u00fan el n\u00famero de personas que pueden pernoctar en \u00e9sta. De ah\u00ed que haya tres campos espec\u00edficos.<\/p>\t\t\t\t\t\t\t\t<\/div>\n\t\t\t\t<\/div>\n\t\t\t\t<div class=\"elementor-element elementor-element-34f9e2f elementor-widget elementor-widget-text-editor\" data-id=\"34f9e2f\" data-element_type=\"widget\" data-e-type=\"widget\" data-widget_type=\"text-editor.default\">\n\t\t\t\t<div class=\"elementor-widget-container\">\n\t\t\t\t\t\t\t\t\t<ol><li><strong>Capacidad est\u00e1ndar<\/strong>: Indica el n\u00famero de personas hasta el cual se cobrar\u00e1 el precio configurado en la tarifa de esa categor\u00eda, y por lo tanto, a partir de esta cantidad y hasta la capacidad m\u00e1xima, se cobrar\u00e1 un coste adicional por persona que deber\u00e1s indicar en el apartado de Tarifas.<\/li><li>\u00a0<strong>Capacidad M\u00e1xima:<\/strong>\u00a0Delimita el n\u00famero m\u00e1ximo de ocupantes para cada tipo de categor\u00eda.<\/li><li><strong>Capacidad M\u00e1xima adulto:<\/strong>\u00a0Delimita el n\u00famero m\u00e1ximo de adultos ocupantes para cada tipo de categor\u00eda.<\/li><\/ol><p><strong><em>Ejemplo<\/em><\/strong><em><strong>:<\/strong> \u00abEn una habitaci\u00f3n puede establecer que entran un m\u00e1ximo de 4 personas. Las cuales la capacidad est\u00e1ndar es de 2 personas, la capacidad m\u00e1xima de adultos son 3 personas. Y la cuarta persona si o si debe ser ni\u00f1o. El resto de capacidades puede variar entre Adulto y ni\u00f1os\u00bb.<\/em><\/p>\t\t\t\t\t\t\t\t<\/div>\n\t\t\t\t<\/div>\n\t\t\t\t<div class=\"elementor-element elementor-element-37f5e84 elementor-widget elementor-widget-text-editor\" data-id=\"37f5e84\" data-element_type=\"widget\" data-e-type=\"widget\" data-widget_type=\"text-editor.default\">\n\t\t\t\t<div class=\"elementor-widget-container\">\n\t\t\t\t\t\t\t\t\t<p>Y una vez tenga ya configuradas las capacidades, escriba la descripci\u00f3n por categor\u00eda, la cual se visualizar\u00e1 posteriormente en el motor de reservas.<\/p><p>Este campo es de los m\u00e1s importantes. El contenido que adjunte ser\u00e1 el que defina las caracter\u00edsticas y peculiaridades de cada categor\u00eda, por lo que le aconsejamos elaborar textos pensados y detallados que informen al usuario y haga que se decida a reservar a trav\u00e9s de la web de su establecimiento.<br \/>Podr\u00e1 incluir la descripci\u00f3n en varios idiomas que tambi\u00e9n se visualizar\u00e1n en el Motor de Reservas.<\/p><p>Adem\u00e1s, para ofrecerle a sus clientes un estilo m\u00e1s personalizado puede hacer uso de texto html. Esto le permitir\u00e1 generar saltos de l\u00ednea, marcar texto en negrita o cambiar el color de la fuente, entre otros.<\/p>\t\t\t\t\t\t\t\t<\/div>\n\t\t\t\t<\/div>\n\t\t\t\t<div class=\"elementor-element elementor-element-d47ff38 elementor-widget elementor-widget-text-editor\" data-id=\"d47ff38\" data-element_type=\"widget\" data-e-type=\"widget\" data-widget_type=\"text-editor.default\">\n\t\t\t\t<div class=\"elementor-widget-container\">\n\t\t\t\t\t\t\t\t\t<p>Adjunte una imagen destacada para cada una de sus categor\u00edas pulsando sobre el icono de la c\u00e1mara. Inmediatamente se abrir\u00e1 una ventana emergente donde podr\u00e1 buscar y seleccionar la imagen que quiera cargar.<\/p><p>Para adjuntar el resto de sus im\u00e1genes, dir\u00edjase a la pesta\u00f1a \u00abIm\u00e1genes\u00bb. Esta pesta\u00f1a aparecer\u00e1 en cada categor\u00eda.<\/p>\t\t\t\t\t\t\t\t<\/div>\n\t\t\t\t<\/div>\n\t\t\t\t<div class=\"elementor-element elementor-element-3f29807d elementor-widget elementor-widget-text-editor\" data-id=\"3f29807d\" data-element_type=\"widget\" data-e-type=\"widget\" data-widget_type=\"text-editor.default\">\n\t\t\t\t<div class=\"elementor-widget-container\">\n\t\t\t\t\t\t\t\t\t<p>A tener en cuenta:<\/p>\t\t\t\t\t\t\t\t<\/div>\n\t\t\t\t<\/div>\n\t\t\t\t<div class=\"elementor-element elementor-element-4178cdc8 elementor-widget elementor-widget-text-editor\" data-id=\"4178cdc8\" data-element_type=\"widget\" data-e-type=\"widget\" data-widget_type=\"text-editor.default\">\n\t\t\t\t<div class=\"elementor-widget-container\">\n\t\t\t\t\t\t\t\t\t<ol><li>Para que sus im\u00e1genes tengan una mejor visualizaci\u00f3n le damos la medida exacta 780 x 400 pixeles.<\/li><li>Puede visualizar las im\u00e1genes a mayor tama\u00f1o pinchando sobre ellas.<\/li><li>Para borrar im\u00e1genes pulse encima de la fotograf\u00eda que quiera eliminar y presione la opci\u00f3n \u201cEliminar imagen\u201d.<\/li><\/ol>\t\t\t\t\t\t\t\t<\/div>\n\t\t\t\t<\/div>\n\t\t\t\t<div class=\"elementor-element elementor-element-fc33a4a elementor-widget elementor-widget-heading\" data-id=\"fc33a4a\" data-element_type=\"widget\" data-e-type=\"widget\" id=\"creaciondehabitaciones\" data-widget_type=\"heading.default\">\n\t\t\t\t<div class=\"elementor-widget-container\">\n\t\t\t\t\t<h2 class=\"elementor-heading-title elementor-size-default\">- Cr\u00e9ation des chambres<\/h2>\t\t\t\t<\/div>\n\t\t\t\t<\/div>\n\t\t\t\t<div class=\"elementor-element elementor-element-488beb0 elementor-widget elementor-widget-text-editor\" data-id=\"488beb0\" data-element_type=\"widget\" data-e-type=\"widget\" data-widget_type=\"text-editor.default\">\n\t\t\t\t<div class=\"elementor-widget-container\">\n\t\t\t\t\t\t\t\t\t<p>Vaya a Men\u00fa -&gt; Configuraci\u00f3n -&gt; Alojamiento -&gt; Habitaciones y salas -&gt; Rack (Alojamiento)<\/p>\t\t\t\t\t\t\t\t<\/div>\n\t\t\t\t<\/div>\n\t\t\t\t<div class=\"elementor-element elementor-element-40dae3be elementor-widget elementor-widget-text-editor\" data-id=\"40dae3be\" data-element_type=\"widget\" data-e-type=\"widget\" data-widget_type=\"text-editor.default\">\n\t\t\t\t<div class=\"elementor-widget-container\">\n\t\t\t\t\t\t\t\t\t<p>Por defecto le aparecer\u00e1n las habitaciones con las cuales ha registrado la cuenta en Avirato y aparecer\u00e1 la categor\u00eda doble o la categor\u00eda modificada en su defecto.<\/p><p>A la izquierda se sit\u00faa el listado de habitaciones con su nombre interno y a la derecha el valor de categor\u00eda la cual se da. Para modificarlas, simplemente pulse en la categor\u00eda y escoja una de las anteriores creadas del listado.<\/p><p>Si necesitase crear alguna habitaci\u00f3n nueva, puede realizarlo desde la \u00faltima fila, a\u00f1adiendo el nombre de la habitaci\u00f3n y a la categor\u00eda que corresponde. Posteriormente pulse sobre el bot\u00f3n <span style=\"color: #00ff00\">+<\/span> para crear la habitaci\u00f3n.<\/p>\t\t\t\t\t\t\t\t<\/div>\n\t\t\t\t<\/div>\n\t\t\t\t<div class=\"elementor-element elementor-element-31cb5a18 elementor-widget elementor-widget-heading\" data-id=\"31cb5a18\" data-element_type=\"widget\" data-e-type=\"widget\" id=\"tarifasytemporadas\" data-widget_type=\"heading.default\">\n\t\t\t\t<div class=\"elementor-widget-container\">\n\t\t\t\t\t<h2 class=\"elementor-heading-title elementor-size-default\">3. Tarifs et saisons<\/h2>\t\t\t\t<\/div>\n\t\t\t\t<\/div>\n\t\t\t\t<div class=\"elementor-element elementor-element-10ff0de1 elementor-widget elementor-widget-text-editor\" data-id=\"10ff0de1\" data-element_type=\"widget\" data-e-type=\"widget\" data-widget_type=\"text-editor.default\">\n\t\t\t\t<div class=\"elementor-widget-container\">\n\t\t\t\t\t\t\t\t\t<p>Allez dans Menu -&gt; Configuration -&gt; H\u00e9bergement -&gt; Tarifs -&gt; Saisons et tarifs sp\u00e9ciaux<\/p>\t\t\t\t\t\t\t\t<\/div>\n\t\t\t\t<\/div>\n\t\t\t\t<div class=\"elementor-element elementor-element-57ef58d elementor-widget elementor-widget-heading\" data-id=\"57ef58d\" data-element_type=\"widget\" data-e-type=\"widget\" id=\"creaciondetemporadas\" data-widget_type=\"heading.default\">\n\t\t\t\t<div class=\"elementor-widget-container\">\n\t\t\t\t\t<h2 class=\"elementor-heading-title elementor-size-default\">- Cr\u00e9ation des saisons.<\/h2>\t\t\t\t<\/div>\n\t\t\t\t<\/div>\n\t\t\t\t<div class=\"elementor-element elementor-element-5075fee7 elementor-widget elementor-widget-text-editor\" data-id=\"5075fee7\" data-element_type=\"widget\" data-e-type=\"widget\" data-widget_type=\"text-editor.default\">\n\t\t\t\t<div class=\"elementor-widget-container\">\n\t\t\t\t\t\t\t\t\t<p>Par d\u00e9faut, il affichera un calendrier, qui sera ensuite \u00abpeint\u00bb avec les couleurs des saisons de votre \u00e9tablissement. Voici un exemple :<\/p><div><div><strong>S<\/strong><b>aison hors saison \/ (sans couleur)<\/b>. Cette saison appara\u00eetra par d\u00e9faut dans Avirato et ne pourra pas \u00eatre supprim\u00e9e. Nous recommandons toujours d&#8217;afficher cette saison avec le prix de la haute saison, car c&#8217;est le prix \u00e0 afficher si rien n&#8217;est configur\u00e9.<\/div><div>\u00a0<\/div><\/div><p><b>Haute saison <span style=\"color: #ff0000\">(couleur rouge)<\/span>. <\/b>Cette saison est destin\u00e9e \u00e0 la haute saison de notre \u00e9tablissement, en l&#8217;occurrence l&#8217;\u00e9t\u00e9, et aux vacances.<\/p><p><b>Basse saison<span style=\"color: #22ba36\"> (couleur verte)<\/span>. <\/b>Cette saison sera destin\u00e9e \u00e0 la basse saison de notre \u00e9tablissement, en l&#8217;occurrence les prix de milieu de semaine, en supprimant la haute saison et la moyenne saison.<\/p><p><b>Mi-saison<span style=\"color: #ff9900\"> (couleur orange)<\/span>. <\/b>Cette saison sera utilis\u00e9e pour les week-ends de la basse saison, et quelques jours avant la haute saison et apr\u00e8s la haute saison.\u00a0<\/p><p><img fetchpriority=\"high\" decoding=\"async\" class=\"alignnone size-full wp-image-11999\" src=\"https:\/\/ayuda.avirato.com\/fr\/wp-content\/uploads\/sites\/3\/2023\/10\/couleur-saison.png\" alt=\"\" width=\"360\" height=\"240\" srcset=\"https:\/\/ayuda.avirato.com\/fr\/wp-content\/uploads\/sites\/3\/2023\/10\/couleur-saison.png 360w, https:\/\/ayuda.avirato.com\/fr\/wp-content\/uploads\/sites\/3\/2023\/10\/couleur-saison-300x200.png 300w\" sizes=\"(max-width: 360px) 100vw, 360px\" \/><\/p>\t\t\t\t\t\t\t\t<\/div>\n\t\t\t\t<\/div>\n\t\t\t\t<div class=\"elementor-element elementor-element-1faba479 elementor-widget elementor-widget-heading\" data-id=\"1faba479\" data-element_type=\"widget\" data-e-type=\"widget\" id=\"creaciondetarifas\" data-widget_type=\"heading.default\">\n\t\t\t\t<div class=\"elementor-widget-container\">\n\t\t\t\t\t<h2 class=\"elementor-heading-title elementor-size-default\">- Cr\u00e9ation des tarifs<\/h2>\t\t\t\t<\/div>\n\t\t\t\t<\/div>\n\t\t\t\t<div class=\"elementor-element elementor-element-7ab3892 elementor-widget elementor-widget-text-editor\" data-id=\"7ab3892\" data-element_type=\"widget\" data-e-type=\"widget\" data-widget_type=\"text-editor.default\">\n\t\t\t\t<div class=\"elementor-widget-container\">\n\t\t\t\t\t\t\t\t\t<p>Allez dans Menu -&gt; Configuration -&gt; H\u00e9bergement -&gt; Tarifs -&gt; Tarifs, co\u00fbts suppl\u00e9mentaires -&gt; Tarifs<\/p>\t\t\t\t\t\t\t\t<\/div>\n\t\t\t\t<\/div>\n\t\t\t\t<div class=\"elementor-element elementor-element-6375528c elementor-widget elementor-widget-text-editor\" data-id=\"6375528c\" data-element_type=\"widget\" data-e-type=\"widget\" data-widget_type=\"text-editor.default\">\n\t\t\t\t<div class=\"elementor-widget-container\">\n\t\t\t\t\t\t\t\t\t<p>Cliquez sur nouveau tarif, une fen\u00eatre s&#8217;ouvre dans laquelle vous devez attribuer un nom au tarif que vous souhaitez cr\u00e9er.<\/p><p>Une fois que vous avez cr\u00e9\u00e9 le tarif, vous pouvez proc\u00e9der de deux mani\u00e8res : l&#8217;une consiste \u00e0 attribuer le prix manuel au tarif, l&#8217;autre \u00e0 lier le prix au tarif pr\u00e9d\u00e9termin\u00e9.<\/p>\t\t\t\t\t\t\t\t<\/div>\n\t\t\t\t<\/div>\n\t\t\t\t<div class=\"elementor-element elementor-element-441f570 elementor-widget elementor-widget-text-editor\" data-id=\"441f570\" data-element_type=\"widget\" data-e-type=\"widget\" data-widget_type=\"text-editor.default\">\n\t\t\t\t<div class=\"elementor-widget-container\">\n\t\t\t\t\t\t\t\t\t<ul><li><b>Lien %<\/b> : Cette option permet de lier le tarif s\u00e9lectionn\u00e9 au tarif pr\u00e9d\u00e9termin\u00e9 dans un % total, soit sup\u00e9rieur soit inf\u00e9rieur, si nous \u00e9tablissons un % sup\u00e9rieur \u00e0 100%, cela augmentera le prix par rapport au tarif pr\u00e9d\u00e9termin\u00e9, si nous \u00e9tablissons un % inf\u00e9rieur \u00e0 100%, cela indiquera que ce tarif a une r\u00e9duction de X% par rapport au tarif pr\u00e9d\u00e9termin\u00e9.<\/li><li><b>Lien \u20ac<\/b> : Cette option est utilis\u00e9e pour augmenter tous les tarifs par des valeurs positives uniquement, et la m\u00eame valeur sera donn\u00e9e pour toutes les cat\u00e9gories de chambres disponibles.<\/li><\/ul>\t\t\t\t\t\t\t\t<\/div>\n\t\t\t\t<\/div>\n\t\t\t\t<div class=\"elementor-element elementor-element-696bc10 elementor-widget elementor-widget-image\" data-id=\"696bc10\" data-element_type=\"widget\" data-e-type=\"widget\" data-widget_type=\"image.default\">\n\t\t\t\t<div class=\"elementor-widget-container\">\n\t\t\t\t\t\t\t\t\t\t\t\t\t\t\t<img decoding=\"async\" width=\"372\" height=\"292\" src=\"https:\/\/ayuda.avirato.com\/fr\/wp-content\/uploads\/sites\/3\/2020\/05\/lien-vers-tarif-predetermine.png\" class=\"attachment-large size-large wp-image-12000\" alt=\"\" srcset=\"https:\/\/ayuda.avirato.com\/fr\/wp-content\/uploads\/sites\/3\/2020\/05\/lien-vers-tarif-predetermine.png 372w, https:\/\/ayuda.avirato.com\/fr\/wp-content\/uploads\/sites\/3\/2020\/05\/lien-vers-tarif-predetermine-300x235.png 300w\" sizes=\"(max-width: 372px) 100vw, 372px\" \/>\t\t\t\t\t\t\t\t\t\t\t\t\t\t\t<\/div>\n\t\t\t\t<\/div>\n\t\t\t\t<div class=\"elementor-element elementor-element-3d3f7fd elementor-widget elementor-widget-heading\" data-id=\"3d3f7fd\" data-element_type=\"widget\" data-e-type=\"widget\" id=\"restricciones\" data-widget_type=\"heading.default\">\n\t\t\t\t<div class=\"elementor-widget-container\">\n\t\t\t\t\t<h2 class=\"elementor-heading-title elementor-size-default\">4. Restrictions<\/h2>\t\t\t\t<\/div>\n\t\t\t\t<\/div>\n\t\t\t\t<div class=\"elementor-element elementor-element-5992d0b2 elementor-widget elementor-widget-text-editor\" data-id=\"5992d0b2\" data-element_type=\"widget\" data-e-type=\"widget\" data-widget_type=\"text-editor.default\">\n\t\t\t\t<div class=\"elementor-widget-container\">\n\t\t\t\t\t\t\t\t\t<p>Cette section vous permet de fixer des dur\u00e9es minimales de s\u00e9jour, de bloquer des chambres pour une p\u00e9riode donn\u00e9e ou de les fermer d\u00e9finitivement parce que vous ne souhaitez pas les vendre en ligne.<\/p>\t\t\t\t\t\t\t\t<\/div>\n\t\t\t\t<\/div>\n\t\t\t\t<div class=\"elementor-element elementor-element-e7056bb elementor-widget elementor-widget-heading\" data-id=\"e7056bb\" data-element_type=\"widget\" data-e-type=\"widget\" id=\"estanciasminimas\" data-widget_type=\"heading.default\">\n\t\t\t\t<div class=\"elementor-widget-container\">\n\t\t\t\t\t<h2 class=\"elementor-heading-title elementor-size-default\">- Calendrier des s\u00e9jours minimums.<\/h2>\t\t\t\t<\/div>\n\t\t\t\t<\/div>\n\t\t\t\t<div class=\"elementor-element elementor-element-b2d1ca0 elementor-widget elementor-widget-text-editor\" data-id=\"b2d1ca0\" data-element_type=\"widget\" data-e-type=\"widget\" data-widget_type=\"text-editor.default\">\n\t\t\t\t<div class=\"elementor-widget-container\">\n\t\t\t\t\t\t\t\t\t<p>Allez dans Menu -&gt; Configuration -&gt; H\u00e9bergement -&gt; Restrictions-&gt; Restrictions en ligne -&gt; Calendrier s\u00e9jours minimums<\/p>\t\t\t\t\t\t\t\t<\/div>\n\t\t\t\t<\/div>\n\t\t\t\t<div class=\"elementor-element elementor-element-62532b3 elementor-widget elementor-widget-text-editor\" data-id=\"62532b3\" data-element_type=\"widget\" data-e-type=\"widget\" data-widget_type=\"text-editor.default\">\n\t\t\t\t<div class=\"elementor-widget-container\">\n\t\t\t\t\t\t\t\t\t<p>Dans ce calendrier, vous pouvez fixer le nombre minimum de nuits que doit durer le s\u00e9jour, soit tout au long de l&#8217;ann\u00e9e, soit \u00e0 certaines dates, par tarif ou pour tous les tarifs.<\/p><p>Pour d\u00e9finir les s\u00e9jours minimums, il suffit de cliquer sur le bouton <span style=\"color: #00ff00\">+ Ajouter p\u00e9riode<\/span>\u00a0pour modifier les dates et la dur\u00e9e du s\u00e9jour.<\/p>\t\t\t\t\t\t\t\t<\/div>\n\t\t\t\t<\/div>\n\t\t\t\t<div class=\"elementor-element elementor-element-6b238e0 elementor-widget elementor-widget-image\" data-id=\"6b238e0\" data-element_type=\"widget\" data-e-type=\"widget\" data-widget_type=\"image.default\">\n\t\t\t\t<div class=\"elementor-widget-container\">\n\t\t\t\t\t\t\t\t\t\t\t\t\t\t\t<img decoding=\"async\" width=\"1024\" height=\"560\" src=\"https:\/\/ayuda.avirato.com\/fr\/wp-content\/uploads\/sites\/3\/2020\/05\/sejour-minimum-1024x560.png\" class=\"attachment-large size-large wp-image-12001\" alt=\"\" srcset=\"https:\/\/ayuda.avirato.com\/fr\/wp-content\/uploads\/sites\/3\/2020\/05\/sejour-minimum-1024x560.png 1024w, https:\/\/ayuda.avirato.com\/fr\/wp-content\/uploads\/sites\/3\/2020\/05\/sejour-minimum-300x164.png 300w, https:\/\/ayuda.avirato.com\/fr\/wp-content\/uploads\/sites\/3\/2020\/05\/sejour-minimum-768x420.png 768w, https:\/\/ayuda.avirato.com\/fr\/wp-content\/uploads\/sites\/3\/2020\/05\/sejour-minimum-1536x841.png 1536w, https:\/\/ayuda.avirato.com\/fr\/wp-content\/uploads\/sites\/3\/2020\/05\/sejour-minimum.png 1668w\" sizes=\"(max-width: 1024px) 100vw, 1024px\" \/>\t\t\t\t\t\t\t\t\t\t\t\t\t\t\t<\/div>\n\t\t\t\t<\/div>\n\t\t\t\t<div class=\"elementor-element elementor-element-9710fe6 elementor-widget elementor-widget-heading\" data-id=\"9710fe6\" data-element_type=\"widget\" data-e-type=\"widget\" id=\"bloqueohabitaciones\" data-widget_type=\"heading.default\">\n\t\t\t\t<div class=\"elementor-widget-container\">\n\t\t\t\t\t<h2 class=\"elementor-heading-title elementor-size-default\">- Indisponibilit\u00e9s chambres <\/h2>\t\t\t\t<\/div>\n\t\t\t\t<\/div>\n\t\t\t\t<div class=\"elementor-element elementor-element-4ae0d6c elementor-widget elementor-widget-text-editor\" data-id=\"4ae0d6c\" data-element_type=\"widget\" data-e-type=\"widget\" data-widget_type=\"text-editor.default\">\n\t\t\t\t<div class=\"elementor-widget-container\">\n\t\t\t\t\t\t\t\t\t<p>Allez dans Menu -&gt; Configuration -&gt; H\u00e9bergement -&gt; Restrictions-&gt; Restrictions en ligne -&gt; Indisponibilit\u00e9 chambres<\/p>\t\t\t\t\t\t\t\t<\/div>\n\t\t\t\t<\/div>\n\t\t\t\t<div class=\"elementor-element elementor-element-ae64eb5 elementor-widget elementor-widget-text-editor\" data-id=\"ae64eb5\" data-element_type=\"widget\" data-e-type=\"widget\" data-widget_type=\"text-editor.default\">\n\t\t\t\t<div class=\"elementor-widget-container\">\n\t\t\t\t\t\t\t\t\t<p>\u00c0 partir de l\u00e0, vous pouvez bloquer les chambres pour certaines dates, soit parce que l&#8217;\u00e9tablissement est ferm\u00e9, soit parce que vous ne voulez pas vendre ces chambres \u00e0 cette date en ligne, soit parce qu&#8217;il est occup\u00e9 &#8230;..<\/p><p>\u00a0<\/p><p>Pour ce faire, s\u00e9lectionnez la ou les chambres que vous souhaitez mettre en indisponibilit\u00e9, s\u00e9lectionnez la p\u00e9riode et cliquez sur le bouton \u00abAjouter indisponibilit\u00e9\u00bb. La date de fin est la date \u00e0 partir de laquelle l&#8217;h\u00e9bergement sera \u00e0 nouveau disponible \u00e0 la vente.<\/p><p>\u00a0<\/p><p><b>Cette indisponibilit\u00e9 n&#8217;affecte que les ventes en ligne<\/b>, soit par le biais du moteur de r\u00e9servation, soit par le biais du channel manager.<\/p><p>\u00a0<\/p><p>Une fois les chambres indisponibles, elles seront affich\u00e9es en rouge dans le planning.<\/p>\t\t\t\t\t\t\t\t<\/div>\n\t\t\t\t<\/div>\n\t\t\t\t<div class=\"elementor-element elementor-element-53143cd elementor-widget elementor-widget-image\" data-id=\"53143cd\" data-element_type=\"widget\" data-e-type=\"widget\" data-widget_type=\"image.default\">\n\t\t\t\t<div class=\"elementor-widget-container\">\n\t\t\t\t\t\t\t\t\t\t\t\t\t\t\t<img loading=\"lazy\" decoding=\"async\" width=\"1024\" height=\"247\" src=\"https:\/\/ayuda.avirato.com\/fr\/wp-content\/uploads\/sites\/3\/2020\/05\/indisponibilite-chambre-1024x247.png\" class=\"attachment-large size-large wp-image-12002\" alt=\"\" srcset=\"https:\/\/ayuda.avirato.com\/fr\/wp-content\/uploads\/sites\/3\/2020\/05\/indisponibilite-chambre-1024x247.png 1024w, https:\/\/ayuda.avirato.com\/fr\/wp-content\/uploads\/sites\/3\/2020\/05\/indisponibilite-chambre-300x72.png 300w, https:\/\/ayuda.avirato.com\/fr\/wp-content\/uploads\/sites\/3\/2020\/05\/indisponibilite-chambre-768x185.png 768w, https:\/\/ayuda.avirato.com\/fr\/wp-content\/uploads\/sites\/3\/2020\/05\/indisponibilite-chambre-1536x370.png 1536w, https:\/\/ayuda.avirato.com\/fr\/wp-content\/uploads\/sites\/3\/2020\/05\/indisponibilite-chambre.png 1667w\" sizes=\"(max-width: 1024px) 100vw, 1024px\" \/>\t\t\t\t\t\t\t\t\t\t\t\t\t\t\t<\/div>\n\t\t\t\t<\/div>\n\t\t\t\t<div class=\"elementor-element elementor-element-f5cf8e2 elementor-widget elementor-widget-text-editor\" data-id=\"f5cf8e2\" data-element_type=\"widget\" data-e-type=\"widget\" data-widget_type=\"text-editor.default\">\n\t\t\t\t<div class=\"elementor-widget-container\">\n\t\t\t\t\t\t\t\t\t<p><span style=\"font-size: 16px\">Une fois les chambres indisponibles, elles seront affich\u00e9es en rouge dans le planning.<\/span><\/p>\t\t\t\t\t\t\t\t<\/div>\n\t\t\t\t<\/div>\n\t\t\t\t<div class=\"elementor-element elementor-element-1686f3e elementor-widget elementor-widget-image\" data-id=\"1686f3e\" data-element_type=\"widget\" data-e-type=\"widget\" data-widget_type=\"image.default\">\n\t\t\t\t<div class=\"elementor-widget-container\">\n\t\t\t\t\t\t\t\t\t\t\t\t\t\t\t<img loading=\"lazy\" decoding=\"async\" width=\"534\" height=\"290\" src=\"https:\/\/ayuda.avirato.com\/fr\/wp-content\/uploads\/sites\/3\/2020\/05\/indisponibilite-chambre-planning.png\" class=\"attachment-large size-large wp-image-12003\" alt=\"\" srcset=\"https:\/\/ayuda.avirato.com\/fr\/wp-content\/uploads\/sites\/3\/2020\/05\/indisponibilite-chambre-planning.png 534w, https:\/\/ayuda.avirato.com\/fr\/wp-content\/uploads\/sites\/3\/2020\/05\/indisponibilite-chambre-planning-300x163.png 300w\" sizes=\"(max-width: 534px) 100vw, 534px\" \/>\t\t\t\t\t\t\t\t\t\t\t\t\t\t\t<\/div>\n\t\t\t\t<\/div>\n\t\t\t\t<div class=\"elementor-element elementor-element-c31fa0d elementor-widget elementor-widget-heading\" data-id=\"c31fa0d\" data-element_type=\"widget\" data-e-type=\"widget\" id=\"bloqueorack\" data-widget_type=\"heading.default\">\n\t\t\t\t<div class=\"elementor-widget-container\">\n\t\t\t\t\t<h2 class=\"elementor-heading-title elementor-size-default\">- Restrictions des ventes en ligne par rack.<\/h2>\t\t\t\t<\/div>\n\t\t\t\t<\/div>\n\t\t\t\t<div class=\"elementor-element elementor-element-db928fb elementor-widget elementor-widget-text-editor\" data-id=\"db928fb\" data-element_type=\"widget\" data-e-type=\"widget\" data-widget_type=\"text-editor.default\">\n\t\t\t\t<div class=\"elementor-widget-container\">\n\t\t\t\t\t\t\t\t\t<p>Allez dans Menu -&gt; Configuration -&gt; H\u00e9bergement -&gt; Restrictions-&gt; Restrictions en ligne -&gt; Fermer ventes en ligne par rack<\/p>\t\t\t\t\t\t\t\t<\/div>\n\t\t\t\t<\/div>\n\t\t\t\t<div class=\"elementor-element elementor-element-4677a67 elementor-widget elementor-widget-text-editor\" data-id=\"4677a67\" data-element_type=\"widget\" data-e-type=\"widget\" data-widget_type=\"text-editor.default\">\n\t\t\t\t<div class=\"elementor-widget-container\">\n\t\t\t\t\t\t\t\t\t<p>Dans cette restrictionc, diff\u00e9rente de la pr\u00e9c\u00e9dente, vous pourrez fermer \u00e0 la vente vos unit\u00e9s d&#8217;h\u00e9bergement de mani\u00e8re permanente et ind\u00e9finie pour qu&#8217;elles ne puissent pas \u00eatre vendues en ligne.<\/p><p>Cette option est recommand\u00e9e si vous ne voulez pas donner tout votre inventaire aux OTA afin de contr\u00f4ler les chambres qui peuvent \u00eatre vendues en ligne.<\/p><p>Il vous suffit de s\u00e9lectionner les chambres et, dans le menu d\u00e9roulant du bas, de choisir \u00abNon disponible \u00e0 la vente en ligne\u00bb pour ne pas donner l&#8217;inventaire de la chambre choisie.<\/p>\t\t\t\t\t\t\t\t<\/div>\n\t\t\t\t<\/div>\n\t\t\t\t<div class=\"elementor-element elementor-element-3b5da13 elementor-widget elementor-widget-image\" data-id=\"3b5da13\" data-element_type=\"widget\" data-e-type=\"widget\" data-widget_type=\"image.default\">\n\t\t\t\t<div class=\"elementor-widget-container\">\n\t\t\t\t\t\t\t\t\t\t\t\t\t\t\t<img loading=\"lazy\" decoding=\"async\" width=\"1024\" height=\"570\" src=\"https:\/\/ayuda.avirato.com\/fr\/wp-content\/uploads\/sites\/3\/2020\/05\/indisponibilit\u00b4rack-1024x570.png\" class=\"attachment-large size-large wp-image-12004\" alt=\"\" srcset=\"https:\/\/ayuda.avirato.com\/fr\/wp-content\/uploads\/sites\/3\/2020\/05\/indisponibilit\u00b4rack-1024x570.png 1024w, https:\/\/ayuda.avirato.com\/fr\/wp-content\/uploads\/sites\/3\/2020\/05\/indisponibilit\u00b4rack-300x167.png 300w, https:\/\/ayuda.avirato.com\/fr\/wp-content\/uploads\/sites\/3\/2020\/05\/indisponibilit\u00b4rack-768x427.png 768w, https:\/\/ayuda.avirato.com\/fr\/wp-content\/uploads\/sites\/3\/2020\/05\/indisponibilit\u00b4rack-1536x855.png 1536w, https:\/\/ayuda.avirato.com\/fr\/wp-content\/uploads\/sites\/3\/2020\/05\/indisponibilit\u00b4rack.png 1664w\" sizes=\"(max-width: 1024px) 100vw, 1024px\" \/>\t\t\t\t\t\t\t\t\t\t\t\t\t\t\t<\/div>\n\t\t\t\t<\/div>\n\t\t\t\t<div class=\"elementor-element elementor-element-15d8264 elementor-widget elementor-widget-global elementor-global-318 elementor-widget-text-editor\" data-id=\"15d8264\" data-element_type=\"widget\" data-e-type=\"widget\" data-widget_type=\"text-editor.default\">\n\t\t\t\t<div class=\"elementor-widget-container\">\n\t\t\t\t\t\t\t\t\t<p><strong>*Vous n&#8217;avez pas trouv\u00e9 ce que vous cherchiez ? <\/strong>Envoyez-nous un email avec votre demande en cliquant&nbsp;<a href=\"mailto:info@avirato.com\" target=\"_blank\">ici<\/a><\/p>\t\t\t\t\t\t\t\t<\/div>\n\t\t\t\t<\/div>\n\t\t\t\t\t<\/div>\n\t\t<\/div>\n\t\t\t\t\t<\/div>\n\t\t<\/section>\n\t\t\t\t<\/div>\n\t\t","protected":false},"featured_media":0,"parent":1068,"menu_order":7,"comment_status":"open","ping_status":"closed","template":"","meta":{"_acf_changed":false,"nav_title":"","positive":"","negative":"","footnotes":""},"docs_category":[],"class_list":["post-5950","docs","type-docs","status-publish","hentry","entry"],"acf":[],"aioseo_notices":[],"_links":{"self":[{"href":"https:\/\/ayuda.avirato.com\/fr\/wp-json\/wp\/v2\/docs\/5950","targetHints":{"allow":["GET"]}}],"collection":[{"href":"https:\/\/ayuda.avirato.com\/fr\/wp-json\/wp\/v2\/docs"}],"about":[{"href":"https:\/\/ayuda.avirato.com\/fr\/wp-json\/wp\/v2\/types\/docs"}],"replies":[{"embeddable":true,"href":"https:\/\/ayuda.avirato.com\/fr\/wp-json\/wp\/v2\/comments?post=5950"}],"version-history":[{"count":24,"href":"https:\/\/ayuda.avirato.com\/fr\/wp-json\/wp\/v2\/docs\/5950\/revisions"}],"predecessor-version":[{"id":12390,"href":"https:\/\/ayuda.avirato.com\/fr\/wp-json\/wp\/v2\/docs\/5950\/revisions\/12390"}],"up":[{"embeddable":true,"href":"https:\/\/ayuda.avirato.com\/fr\/wp-json\/wp\/v2\/docs\/1068"}],"wp:attachment":[{"href":"https:\/\/ayuda.avirato.com\/fr\/wp-json\/wp\/v2\/media?parent=5950"}],"wp:term":[{"taxonomy":"docs_category","embeddable":true,"href":"https:\/\/ayuda.avirato.com\/fr\/wp-json\/wp\/v2\/docs_category?post=5950"}],"curies":[{"name":"wp","href":"https:\/\/api.w.org\/{rel}","templated":true}]}}